{"id":754,"date":"2019-01-03T14:50:10","date_gmt":"2019-01-03T13:50:10","guid":{"rendered":"https:\/\/falsterbobirdshow.com\/?page_id=754"},"modified":"2023-05-30T16:21:28","modified_gmt":"2023-05-30T14:21:28","slug":"fagelskydd","status":"publish","type":"page","link":"https:\/\/falsterbobirdshow.com\/en\/fagelskydd\/","title":{"rendered":"Bird conservation"},"content":{"rendered":"\t\t<div data-elementor-type=\"wp-post\" data-elementor-id=\"754\" class=\"elementor elementor-754\" data-elementor-post-type=\"page\">\n\t\t\t\t\t\t<section data-particle_enable=\"false\" data-particle-mobile-disabled=\"false\" class=\"elementor-section elementor-top-section elementor-element elementor-element-7ced332 elementor-section-boxed elementor-section-height-default elementor-section-height-default\" data-id=\"7ced332\" data-element_type=\"section\" data-e-type=\"section\" data-settings=\"{&quot;jet_parallax_layout_list&quot;:[{&quot;jet_parallax_layout_image&quot;:{&quot;url&quot;:&quot;&quot;,&quot;id&quot;:&quot;&quot;,&quot;size&quot;:&quot;&quot;},&quot;_id&quot;:&quot;2882980&quot;,&quot;jet_parallax_layout_speed&quot;:{&quot;unit&quot;:&quot;%&quot;,&quot;size&quot;:&quot;50&quot;,&quot;sizes&quot;:[]},&quot;jet_parallax_layout_image_tablet&quot;:{&quot;url&quot;:&quot;&quot;,&quot;id&quot;:&quot;&quot;,&quot;size&quot;:&quot;&quot;},&quot;jet_parallax_layout_image_mobile&quot;:{&quot;url&quot;:&quot;&quot;,&quot;id&quot;:&quot;&quot;,&quot;size&quot;:&quot;&quot;},&quot;jet_parallax_layout_type&quot;:&quot;scroll&quot;,&quot;jet_parallax_layout_direction&quot;:&quot;1&quot;,&quot;jet_parallax_layout_fx_direction&quot;:null,&quot;jet_parallax_layout_z_index&quot;:&quot;&quot;,&quot;jet_parallax_layout_bg_x&quot;:50,&quot;jet_parallax_layout_bg_x_tablet&quot;:&quot;&quot;,&quot;jet_parallax_layout_bg_x_mobile&quot;:&quot;&quot;,&quot;jet_parallax_layout_bg_y&quot;:50,&quot;jet_parallax_layout_bg_y_tablet&quot;:&quot;&quot;,&quot;jet_parallax_layout_bg_y_mobile&quot;:&quot;&quot;,&quot;jet_parallax_layout_bg_size&quot;:&quot;auto&quot;,&quot;jet_parallax_layout_bg_size_tablet&quot;:&quot;&quot;,&quot;jet_parallax_layout_bg_size_mobile&quot;:&quot;&quot;,&quot;jet_parallax_layout_animation_prop&quot;:&quot;transform&quot;,&quot;jet_parallax_layout_on&quot;:[&quot;desktop&quot;,&quot;tablet&quot;]}]}\">\n\t\t\t\t\t\t<div class=\"elementor-container elementor-column-gap-default\">\n\t\t\t\t\t<div class=\"elementor-column elementor-col-50 elementor-top-column elementor-element elementor-element-4c33ae3\" data-id=\"4c33ae3\" data-element_type=\"column\" data-e-type=\"column\">\n\t\t\t<div class=\"elementor-widget-wrap elementor-element-populated\">\n\t\t\t\t\t\t<div class=\"elementor-element elementor-element-b2ffd5a elementor-widget elementor-widget-text-editor\" data-id=\"b2ffd5a\" data-element_type=\"widget\" data-e-type=\"widget\" data-widget_type=\"text-editor.default\">\n\t\t\t\t<div class=\"elementor-widget-container\">\n\t\t\t\t\t\t\t\t\t<p>Flyttf\u00e5glarna \u00e4r internationella resen\u00e4rer och passerar obehindrat nationsgr\u00e4nser under sin flyttning. Det inneb\u00e4r att f\u00e5glar som under n\u00e5gra korta sommarm\u00e5nader befinner sig p\u00e5 v\u00e5ra breddgrader f\u00f6r att reproducera sig under resten av \u00e5ret befinner sig antingen p\u00e5 flyttning eller i sina vinterkvarter. Alla de f\u00e5gelarter som f\u00f6rekommer naturligt i Sverige \u00e4r skyddade enligt EU:s f\u00e5geldirektiv. S\u00e5 f\u00f6rh\u00e5ller det sig ocks\u00e5 i de \u00f6vriga medlemstaterna inom EU. Tyv\u00e4rr \u00e4r inte efterlevnaden lika h\u00f6g \u00f6verallt. I synnerhet i Medelhavsl\u00e4nderna \u00e4r respekten f\u00f6r f\u00e5geldirektivet underm\u00e5lig och omfattande illegal jakt bedrivs p\u00e5 f\u00e5glar som uppe hos oss \u00e4r fredade. Bivr\u00e5ken \u00e4r ett exempel p\u00e5 en art som uts\u00e4tts f\u00f6r omfattande f\u00f6rf\u00f6ljelse i Sydeuropa och best\u00e5ndet har under en f\u00f6ljd av \u00e5r visat en ned\u00e5tg\u00e5ende trend.<\/p>\t\t\t\t\t\t\t\t<\/div>\n\t\t\t\t<\/div>\n\t\t\t\t\t<\/div>\n\t\t<\/div>\n\t\t\t\t<div class=\"elementor-column elementor-col-50 elementor-top-column elementor-element elementor-element-4603d82\" data-id=\"4603d82\" data-element_type=\"column\" data-e-type=\"column\">\n\t\t\t<div class=\"elementor-widget-wrap elementor-element-populated\">\n\t\t\t\t\t\t<div class=\"elementor-element elementor-element-0904d10 elementor-widget elementor-widget-image\" data-id=\"0904d10\" data-element_type=\"widget\" data-e-type=\"widget\" data-widget_type=\"image.default\">\n\t\t\t\t<div class=\"elementor-widget-container\">\n\t\t\t\t\t\t\t\t\t\t\t\t<figure class=\"wp-caption\">\n\t\t\t\t\t\t\t\t\t\t<img fetchpriority=\"high\" decoding=\"async\" width=\"531\" height=\"399\" src=\"https:\/\/falsterbobirdshow.com\/wp-content\/uploads\/sites\/42\/2019\/01\/9813_4ce5a997.jpg\" class=\"attachment-large size-large wp-image-784\" alt=\"\" srcset=\"https:\/\/falsterbobirdshow.com\/wp-content\/uploads\/sites\/42\/2019\/01\/9813_4ce5a997.jpg 531w, https:\/\/falsterbobirdshow.com\/wp-content\/uploads\/sites\/42\/2019\/01\/9813_4ce5a997-300x225.jpg 300w\" sizes=\"(max-width: 531px) 100vw, 531px\" \/>\t\t\t\t\t\t\t\t\t\t\t<figcaption class=\"widget-image-caption wp-caption-text\">Nyskjuten adult bivr\u00e5k. <br>Foto: BirdLife Malta.<\/figcaption>\n\t\t\t\t\t\t\t\t\t\t<\/figure>\n\t\t\t\t\t\t\t\t\t<\/div>\n\t\t\t\t<\/div>\n\t\t\t\t\t<\/div>\n\t\t<\/div>\n\t\t\t\t\t<\/div>\n\t\t<\/section>\n\t\t\t\t<section data-particle_enable=\"false\" data-particle-mobile-disabled=\"false\" class=\"elementor-section elementor-top-section elementor-element elementor-element-20eaeff elementor-section-boxed elementor-section-height-default elementor-section-height-default\" data-id=\"20eaeff\" data-element_type=\"section\" data-e-type=\"section\" data-settings=\"{&quot;jet_parallax_layout_list&quot;:[{&quot;jet_parallax_layout_image&quot;:{&quot;url&quot;:&quot;&quot;,&quot;id&quot;:&quot;&quot;,&quot;size&quot;:&quot;&quot;},&quot;_id&quot;:&quot;2882980&quot;,&quot;jet_parallax_layout_speed&quot;:{&quot;unit&quot;:&quot;%&quot;,&quot;size&quot;:&quot;50&quot;,&quot;sizes&quot;:[]},&quot;jet_parallax_layout_image_tablet&quot;:{&quot;url&quot;:&quot;&quot;,&quot;id&quot;:&quot;&quot;,&quot;size&quot;:&quot;&quot;},&quot;jet_parallax_layout_image_mobile&quot;:{&quot;url&quot;:&quot;&quot;,&quot;id&quot;:&quot;&quot;,&quot;size&quot;:&quot;&quot;},&quot;jet_parallax_layout_type&quot;:&quot;scroll&quot;,&quot;jet_parallax_layout_direction&quot;:&quot;1&quot;,&quot;jet_parallax_layout_fx_direction&quot;:null,&quot;jet_parallax_layout_z_index&quot;:&quot;&quot;,&quot;jet_parallax_layout_bg_x&quot;:50,&quot;jet_parallax_layout_bg_x_tablet&quot;:&quot;&quot;,&quot;jet_parallax_layout_bg_x_mobile&quot;:&quot;&quot;,&quot;jet_parallax_layout_bg_y&quot;:50,&quot;jet_parallax_layout_bg_y_tablet&quot;:&quot;&quot;,&quot;jet_parallax_layout_bg_y_mobile&quot;:&quot;&quot;,&quot;jet_parallax_layout_bg_size&quot;:&quot;auto&quot;,&quot;jet_parallax_layout_bg_size_tablet&quot;:&quot;&quot;,&quot;jet_parallax_layout_bg_size_mobile&quot;:&quot;&quot;,&quot;jet_parallax_layout_animation_prop&quot;:&quot;transform&quot;,&quot;jet_parallax_layout_on&quot;:[&quot;desktop&quot;,&quot;tablet&quot;]}]}\">\n\t\t\t\t\t\t<div class=\"elementor-container elementor-column-gap-default\">\n\t\t\t\t\t<div class=\"elementor-column elementor-col-100 elementor-top-column elementor-element elementor-element-8c5174b\" data-id=\"8c5174b\" data-element_type=\"column\" data-e-type=\"column\">\n\t\t\t<div class=\"elementor-widget-wrap elementor-element-populated\">\n\t\t\t\t\t\t<div class=\"elementor-element elementor-element-de2254e elementor-widget elementor-widget-text-editor\" data-id=\"de2254e\" data-element_type=\"widget\" data-e-type=\"widget\" data-widget_type=\"text-editor.default\">\n\t\t\t\t<div class=\"elementor-widget-container\">\n\t\t\t\t\t\t\t\t\t<p><strong>Varf\u00f6r f\u00e5gelskydd?<\/strong><br \/>Att skjuta en bivr\u00e5k varje v\u00e5r var under l\u00e5ng tid ett m\u00e5ste f\u00f6r m\u00e4n i m\u00e5nga syditalienska byar och st\u00e4der f\u00f6r att bevisa sin manlighet och undvika att h\u00e5nas \u00f6ppet. Rovf\u00e5glar i stora antal sk\u00f6ts ner under sin flyttning fr\u00e5n Afrika via Messinaomr\u00e5det vid Sicilien och Kalabrien s\u00f6dra Italien. Skotten kom fr\u00e5n hustak, balkonger, specialg\u00f6mslen \u2013 \u00f6verallt bedrevs denna barbariska, illegala jakt.<\/p>\t\t\t\t\t\t\t\t<\/div>\n\t\t\t\t<\/div>\n\t\t\t\t\t<\/div>\n\t\t<\/div>\n\t\t\t\t\t<\/div>\n\t\t<\/section>\n\t\t\t\t<section data-particle_enable=\"false\" data-particle-mobile-disabled=\"false\" class=\"elementor-section elementor-top-section elementor-element elementor-element-bf61fcd elementor-section-boxed elementor-section-height-default elementor-section-height-default\" data-id=\"bf61fcd\" data-element_type=\"section\" data-e-type=\"section\" data-settings=\"{&quot;jet_parallax_layout_list&quot;:[{&quot;jet_parallax_layout_image&quot;:{&quot;url&quot;:&quot;&quot;,&quot;id&quot;:&quot;&quot;,&quot;size&quot;:&quot;&quot;},&quot;_id&quot;:&quot;50ad3d1&quot;,&quot;jet_parallax_layout_speed&quot;:{&quot;unit&quot;:&quot;%&quot;,&quot;size&quot;:&quot;50&quot;,&quot;sizes&quot;:[]},&quot;jet_parallax_layout_image_tablet&quot;:{&quot;url&quot;:&quot;&quot;,&quot;id&quot;:&quot;&quot;,&quot;size&quot;:&quot;&quot;},&quot;jet_parallax_layout_image_mobile&quot;:{&quot;url&quot;:&quot;&quot;,&quot;id&quot;:&quot;&quot;,&quot;size&quot;:&quot;&quot;},&quot;jet_parallax_layout_type&quot;:&quot;scroll&quot;,&quot;jet_parallax_layout_direction&quot;:&quot;1&quot;,&quot;jet_parallax_layout_fx_direction&quot;:null,&quot;jet_parallax_layout_z_index&quot;:&quot;&quot;,&quot;jet_parallax_layout_bg_x&quot;:50,&quot;jet_parallax_layout_bg_x_tablet&quot;:&quot;&quot;,&quot;jet_parallax_layout_bg_x_mobile&quot;:&quot;&quot;,&quot;jet_parallax_layout_bg_y&quot;:50,&quot;jet_parallax_layout_bg_y_tablet&quot;:&quot;&quot;,&quot;jet_parallax_layout_bg_y_mobile&quot;:&quot;&quot;,&quot;jet_parallax_layout_bg_size&quot;:&quot;auto&quot;,&quot;jet_parallax_layout_bg_size_tablet&quot;:&quot;&quot;,&quot;jet_parallax_layout_bg_size_mobile&quot;:&quot;&quot;,&quot;jet_parallax_layout_animation_prop&quot;:&quot;transform&quot;,&quot;jet_parallax_layout_on&quot;:[&quot;desktop&quot;,&quot;tablet&quot;]}]}\">\n\t\t\t\t\t\t<div class=\"elementor-container elementor-column-gap-default\">\n\t\t\t\t\t<div class=\"elementor-column elementor-col-100 elementor-top-column elementor-element elementor-element-dff9f26\" data-id=\"dff9f26\" data-element_type=\"column\" data-e-type=\"column\">\n\t\t\t<div class=\"elementor-widget-wrap elementor-element-populated\">\n\t\t\t\t\t\t<div class=\"elementor-element elementor-element-70ab451 elementor-widget-divider--view-line elementor-widget elementor-widget-divider\" data-id=\"70ab451\" data-element_type=\"widget\" data-e-type=\"widget\" data-widget_type=\"divider.default\">\n\t\t\t\t<div class=\"elementor-widget-container\">\n\t\t\t\t\t\t\t<div class=\"elementor-divider\">\n\t\t\t<span class=\"elementor-divider-separator\">\n\t\t\t\t\t\t<\/span>\n\t\t<\/div>\n\t\t\t\t\t\t<\/div>\n\t\t\t\t<\/div>\n\t\t\t\t\t<\/div>\n\t\t<\/div>\n\t\t\t\t\t<\/div>\n\t\t<\/section>\n\t\t\t\t<section data-particle_enable=\"false\" data-particle-mobile-disabled=\"false\" class=\"elementor-section elementor-top-section elementor-element elementor-element-266fb6e elementor-section-boxed elementor-section-height-default elementor-section-height-default\" data-id=\"266fb6e\" data-element_type=\"section\" data-e-type=\"section\" data-settings=\"{&quot;jet_parallax_layout_list&quot;:[{&quot;jet_parallax_layout_image&quot;:{&quot;url&quot;:&quot;&quot;,&quot;id&quot;:&quot;&quot;,&quot;size&quot;:&quot;&quot;},&quot;_id&quot;:&quot;fed657b&quot;,&quot;jet_parallax_layout_speed&quot;:{&quot;unit&quot;:&quot;%&quot;,&quot;size&quot;:&quot;50&quot;,&quot;sizes&quot;:[]},&quot;jet_parallax_layout_image_tablet&quot;:{&quot;url&quot;:&quot;&quot;,&quot;id&quot;:&quot;&quot;,&quot;size&quot;:&quot;&quot;},&quot;jet_parallax_layout_image_mobile&quot;:{&quot;url&quot;:&quot;&quot;,&quot;id&quot;:&quot;&quot;,&quot;size&quot;:&quot;&quot;},&quot;jet_parallax_layout_type&quot;:&quot;scroll&quot;,&quot;jet_parallax_layout_direction&quot;:&quot;1&quot;,&quot;jet_parallax_layout_fx_direction&quot;:null,&quot;jet_parallax_layout_z_index&quot;:&quot;&quot;,&quot;jet_parallax_layout_bg_x&quot;:50,&quot;jet_parallax_layout_bg_x_tablet&quot;:&quot;&quot;,&quot;jet_parallax_layout_bg_x_mobile&quot;:&quot;&quot;,&quot;jet_parallax_layout_bg_y&quot;:50,&quot;jet_parallax_layout_bg_y_tablet&quot;:&quot;&quot;,&quot;jet_parallax_layout_bg_y_mobile&quot;:&quot;&quot;,&quot;jet_parallax_layout_bg_size&quot;:&quot;auto&quot;,&quot;jet_parallax_layout_bg_size_tablet&quot;:&quot;&quot;,&quot;jet_parallax_layout_bg_size_mobile&quot;:&quot;&quot;,&quot;jet_parallax_layout_animation_prop&quot;:&quot;transform&quot;,&quot;jet_parallax_layout_on&quot;:[&quot;desktop&quot;,&quot;tablet&quot;]}]}\">\n\t\t\t\t\t\t<div class=\"elementor-container elementor-column-gap-default\">\n\t\t\t\t\t<div class=\"elementor-column elementor-col-50 elementor-top-column elementor-element elementor-element-b8f042c\" data-id=\"b8f042c\" data-element_type=\"column\" data-e-type=\"column\">\n\t\t\t<div class=\"elementor-widget-wrap elementor-element-populated\">\n\t\t\t\t\t\t<div class=\"elementor-element elementor-element-0e0a949 elementor-widget elementor-widget-text-editor\" data-id=\"0e0a949\" data-element_type=\"widget\" data-e-type=\"widget\" data-widget_type=\"text-editor.default\">\n\t\t\t\t<div class=\"elementor-widget-container\">\n\t\t\t\t\t\t\t\t\t<p>I b\u00f6rjan av 1980-talet p\u00e5b\u00f6rjades kampen mot denna jakt. F\u00e5gelstr\u00e4cket observerades och eventuell illegal jakt noterades och rapporterades vidare till polis och paramilit\u00e4r. De f\u00f6rsta \u00e5ren var arbetet farligt och sv\u00e5rt. F\u00e5gelskyddarna utsattes f\u00f6r olika hot och blev till och med beskjutna samtidigt som polis och paramilit\u00e4r var passiva gentemot dessa brott. Efter mycket m\u00e5linriktat arbete har dock b\u00e4ttre kontakt efterhand etablerats mellan f\u00e5gelskyddare och myndigheter och \u00e4ven de senare har b\u00f6rjat agera mer aktivt.<\/p><p>Det internationella inslaget i f\u00e5gelskyddsarbetet har spelat stor roll. Varje v\u00e5r sedan 1983 arrangeras l\u00e4ger d\u00e5 str\u00e4cket p\u00e5g\u00e5r d\u00e4r f\u00e5gelv\u00e4nner fr\u00e5n en l\u00e5ng rad l\u00e4nder deltar. Denna internationella n\u00e4rvaro har varit viktig, dels har st\u00f6rre press kunnat s\u00e4ttas p\u00e5 italienska politiker, dels har information om situationen spridits till fler l\u00e4nder.<\/p>\t\t\t\t\t\t\t\t<\/div>\n\t\t\t\t<\/div>\n\t\t\t\t\t<\/div>\n\t\t<\/div>\n\t\t\t\t<div class=\"elementor-column elementor-col-50 elementor-top-column elementor-element elementor-element-f167347\" data-id=\"f167347\" data-element_type=\"column\" data-e-type=\"column\">\n\t\t\t<div class=\"elementor-widget-wrap elementor-element-populated\">\n\t\t\t\t\t\t<div class=\"elementor-element elementor-element-939c9f2 elementor-widget elementor-widget-image\" data-id=\"939c9f2\" data-element_type=\"widget\" data-e-type=\"widget\" data-widget_type=\"image.default\">\n\t\t\t\t<div class=\"elementor-widget-container\">\n\t\t\t\t\t\t\t\t\t\t\t\t<figure class=\"wp-caption\">\n\t\t\t\t\t\t\t\t\t\t<img decoding=\"async\" width=\"531\" height=\"399\" src=\"https:\/\/falsterbobirdshow.com\/wp-content\/uploads\/sites\/42\/2019\/01\/9814_4ce5a997.jpg\" class=\"attachment-large size-large wp-image-785\" alt=\"\" srcset=\"https:\/\/falsterbobirdshow.com\/wp-content\/uploads\/sites\/42\/2019\/01\/9814_4ce5a997.jpg 531w, https:\/\/falsterbobirdshow.com\/wp-content\/uploads\/sites\/42\/2019\/01\/9814_4ce5a997-300x225.jpg 300w\" sizes=\"(max-width: 531px) 100vw, 531px\" \/>\t\t\t\t\t\t\t\t\t\t\t<figcaption class=\"widget-image-caption wp-caption-text\">Skjutna f\u00e5glar p\u00e5 Malta: bivr\u00e5k, tornfalk (2), sommargylling (2), dv\u00e4rguv, rallh\u00e4ger, g\u00f6k och l\u00e4rkfalk. Foto: BirdLife Malta.<\/figcaption>\n\t\t\t\t\t\t\t\t\t\t<\/figure>\n\t\t\t\t\t\t\t\t\t<\/div>\n\t\t\t\t<\/div>\n\t\t\t\t\t<\/div>\n\t\t<\/div>\n\t\t\t\t\t<\/div>\n\t\t<\/section>\n\t\t\t\t<section data-particle_enable=\"false\" data-particle-mobile-disabled=\"false\" class=\"elementor-section elementor-top-section elementor-element elementor-element-7530af8 elementor-section-boxed elementor-section-height-default elementor-section-height-default\" data-id=\"7530af8\" data-element_type=\"section\" data-e-type=\"section\" data-settings=\"{&quot;jet_parallax_layout_list&quot;:[{&quot;jet_parallax_layout_image&quot;:{&quot;url&quot;:&quot;&quot;,&quot;id&quot;:&quot;&quot;,&quot;size&quot;:&quot;&quot;},&quot;_id&quot;:&quot;9e8d036&quot;,&quot;jet_parallax_layout_speed&quot;:{&quot;unit&quot;:&quot;%&quot;,&quot;size&quot;:&quot;50&quot;,&quot;sizes&quot;:[]},&quot;jet_parallax_layout_image_tablet&quot;:{&quot;url&quot;:&quot;&quot;,&quot;id&quot;:&quot;&quot;,&quot;size&quot;:&quot;&quot;},&quot;jet_parallax_layout_image_mobile&quot;:{&quot;url&quot;:&quot;&quot;,&quot;id&quot;:&quot;&quot;,&quot;size&quot;:&quot;&quot;},&quot;jet_parallax_layout_type&quot;:&quot;scroll&quot;,&quot;jet_parallax_layout_direction&quot;:&quot;1&quot;,&quot;jet_parallax_layout_fx_direction&quot;:null,&quot;jet_parallax_layout_z_index&quot;:&quot;&quot;,&quot;jet_parallax_layout_bg_x&quot;:50,&quot;jet_parallax_layout_bg_x_tablet&quot;:&quot;&quot;,&quot;jet_parallax_layout_bg_x_mobile&quot;:&quot;&quot;,&quot;jet_parallax_layout_bg_y&quot;:50,&quot;jet_parallax_layout_bg_y_tablet&quot;:&quot;&quot;,&quot;jet_parallax_layout_bg_y_mobile&quot;:&quot;&quot;,&quot;jet_parallax_layout_bg_size&quot;:&quot;auto&quot;,&quot;jet_parallax_layout_bg_size_tablet&quot;:&quot;&quot;,&quot;jet_parallax_layout_bg_size_mobile&quot;:&quot;&quot;,&quot;jet_parallax_layout_animation_prop&quot;:&quot;transform&quot;,&quot;jet_parallax_layout_on&quot;:[&quot;desktop&quot;,&quot;tablet&quot;]}]}\">\n\t\t\t\t\t\t<div class=\"elementor-container elementor-column-gap-default\">\n\t\t\t\t\t<div class=\"elementor-column elementor-col-50 elementor-top-column elementor-element elementor-element-875a64d\" data-id=\"875a64d\" data-element_type=\"column\" data-e-type=\"column\">\n\t\t\t<div class=\"elementor-widget-wrap elementor-element-populated\">\n\t\t\t\t\t\t<div class=\"elementor-element elementor-element-dac0e58 elementor-widget elementor-widget-text-editor\" data-id=\"dac0e58\" data-element_type=\"widget\" data-e-type=\"widget\" data-widget_type=\"text-editor.default\">\n\t\t\t\t<div class=\"elementor-widget-container\">\n\t\t\t\t\t\t\t\t\t<p>Vissa st\u00f6djande organisationer som <a href=\"https:\/\/www.nabu.de\/\">NABU<\/a>, den tyska BirdLife-partnern, har \u00e4ven bidragit ekonomiskt i st\u00f6rre skala. En av arrang\u00f6rerna av Bivr\u00e5kens Dag har\u00a0 bes\u00f6kt f\u00e5gelskyddsl\u00e4gren i Kalabrien och Sicilien sju g\u00e5nger, f\u00f6rsta g\u00e5ngen 1993, och ber\u00e4ttar: &#8221;Det blev en skakande erfarenhet. Att se bivr\u00e5kar f\u00f6rs\u00f6ka k\u00e4mpa vidare men l\u00e5ngsamt singla mot marken n\u00e4r de tr\u00e4ffats av en kula med Medelhavets glittrande vatten som fond &#8211; den synen har etsat sig in i minnet.&#8221; Sedan dess har antalet d\u00f6dade bivr\u00e5kar markant sjunkit och vid det senaste bes\u00f6ket 2007 m\u00e4rktes detta tydligt: &#8221;Bara enstaka skott h\u00f6rdes och efter s\u00e4songen konstaterades att endast en bivr\u00e5k skjutits&#8221;.<\/p>\t\t\t\t\t\t\t\t<\/div>\n\t\t\t\t<\/div>\n\t\t\t\t\t<\/div>\n\t\t<\/div>\n\t\t\t\t<div class=\"elementor-column elementor-col-50 elementor-top-column elementor-element elementor-element-303b614\" data-id=\"303b614\" data-element_type=\"column\" data-e-type=\"column\">\n\t\t\t<div class=\"elementor-widget-wrap elementor-element-populated\">\n\t\t\t\t\t\t<div class=\"elementor-element elementor-element-3cfa351 elementor-widget elementor-widget-image\" data-id=\"3cfa351\" data-element_type=\"widget\" data-e-type=\"widget\" data-widget_type=\"image.default\">\n\t\t\t\t<div class=\"elementor-widget-container\">\n\t\t\t\t\t\t\t\t\t\t\t\t<figure class=\"wp-caption\">\n\t\t\t\t\t\t\t\t\t\t<img decoding=\"async\" width=\"531\" height=\"399\" src=\"https:\/\/falsterbobirdshow.com\/wp-content\/uploads\/sites\/42\/2019\/01\/9816_4ce5a997.jpg\" class=\"attachment-large size-large wp-image-786\" alt=\"\" srcset=\"https:\/\/falsterbobirdshow.com\/wp-content\/uploads\/sites\/42\/2019\/01\/9816_4ce5a997.jpg 531w, https:\/\/falsterbobirdshow.com\/wp-content\/uploads\/sites\/42\/2019\/01\/9816_4ce5a997-300x225.jpg 300w\" sizes=\"(max-width: 531px) 100vw, 531px\" \/>\t\t\t\t\t\t\t\t\t\t\t<figcaption class=\"widget-image-caption wp-caption-text\">Skadeskjuten natth\u00e4ger. Foto: BirdLife Malta.<\/figcaption>\n\t\t\t\t\t\t\t\t\t\t<\/figure>\n\t\t\t\t\t\t\t\t\t<\/div>\n\t\t\t\t<\/div>\n\t\t\t\t\t<\/div>\n\t\t<\/div>\n\t\t\t\t\t<\/div>\n\t\t<\/section>\n\t\t\t\t<\/div>\n\t\t","protected":false},"excerpt":{"rendered":"<p>Flyttf\u00e5glarna \u00e4r internationella resen\u00e4rer och passerar obehindrat nationsgr\u00e4nser under sin flyttning. Det inneb\u00e4r att f\u00e5glar som under n\u00e5gra korta sommarm\u00e5nader befinner sig p\u00e5 v\u00e5ra breddgrader f\u00f6r att reproducera sig under [&hellip;]<\/p>\n","protected":false},"author":21,"featured_media":0,"parent":0,"menu_order":5,"comment_status":"closed","ping_status":"closed","template":"templates\/page-right.php","meta":{"_acf_changed":false,"inline_featured_image":false,"footnotes":""},"class_list":["post-754","page","type-page","status-publish","hentry"],"acf":[],"yoast_head":"<!-- This site is optimized with the Yoast SEO plugin v27.4 - https:\/\/yoast.com\/product\/yoast-seo-wordpress\/ -->\n<title>F\u00e5gelskydd - Falsterbo Bird Show<\/title>\n<meta name=\"robots\" content=\"index, follow, max-snippet:-1, max-image-preview:large, max-video-preview:-1\" \/>\n<link rel=\"canonical\" href=\"https:\/\/falsterbobirdshow.com\/en\/fagelskydd\/\" \/>\n<meta property=\"og:locale\" content=\"en_GB\" \/>\n<meta property=\"og:type\" content=\"article\" \/>\n<meta property=\"og:title\" content=\"F\u00e5gelskydd - Falsterbo Bird Show\" \/>\n<meta property=\"og:description\" content=\"Flyttf\u00e5glarna \u00e4r internationella resen\u00e4rer och passerar obehindrat nationsgr\u00e4nser under sin flyttning. Det inneb\u00e4r att f\u00e5glar som under n\u00e5gra korta sommarm\u00e5nader befinner sig p\u00e5 v\u00e5ra breddgrader f\u00f6r att reproducera sig under [&hellip;]\" \/>\n<meta property=\"og:url\" content=\"https:\/\/falsterbobirdshow.com\/en\/fagelskydd\/\" \/>\n<meta property=\"og:site_name\" content=\"Falsterbo Bird Show\" \/>\n<meta property=\"article:modified_time\" content=\"2023-05-30T14:21:28+00:00\" \/>\n<meta property=\"og:image\" content=\"https:\/\/falsterbobirdshow.com\/wp-content\/uploads\/sites\/42\/2019\/01\/9813_4ce5a997.jpg\" \/>\n<meta name=\"twitter:card\" content=\"summary_large_image\" \/>\n<meta name=\"twitter:label1\" content=\"Est. reading time\" \/>\n\t<meta name=\"twitter:data1\" content=\"3 minutes\" \/>\n<script type=\"application\/ld+json\" class=\"yoast-schema-graph\">{\"@context\":\"https:\\\/\\\/schema.org\",\"@graph\":[{\"@type\":\"WebPage\",\"@id\":\"https:\\\/\\\/falsterbobirdshow.com\\\/fagelskydd\\\/\",\"url\":\"https:\\\/\\\/falsterbobirdshow.com\\\/fagelskydd\\\/\",\"name\":\"F\u00e5gelskydd - Falsterbo Bird Show\",\"isPartOf\":{\"@id\":\"https:\\\/\\\/falsterbobirdshow.com\\\/#website\"},\"primaryImageOfPage\":{\"@id\":\"https:\\\/\\\/falsterbobirdshow.com\\\/fagelskydd\\\/#primaryimage\"},\"image\":{\"@id\":\"https:\\\/\\\/falsterbobirdshow.com\\\/fagelskydd\\\/#primaryimage\"},\"thumbnailUrl\":\"https:\\\/\\\/falsterbobirdshow.com\\\/wp-content\\\/uploads\\\/sites\\\/42\\\/2019\\\/01\\\/9813_4ce5a997.jpg\",\"datePublished\":\"2019-01-03T13:50:10+00:00\",\"dateModified\":\"2023-05-30T14:21:28+00:00\",\"breadcrumb\":{\"@id\":\"https:\\\/\\\/falsterbobirdshow.com\\\/fagelskydd\\\/#breadcrumb\"},\"inLanguage\":\"en-GB\",\"potentialAction\":[{\"@type\":\"ReadAction\",\"target\":[\"https:\\\/\\\/falsterbobirdshow.com\\\/fagelskydd\\\/\"]}]},{\"@type\":\"ImageObject\",\"inLanguage\":\"en-GB\",\"@id\":\"https:\\\/\\\/falsterbobirdshow.com\\\/fagelskydd\\\/#primaryimage\",\"url\":\"https:\\\/\\\/falsterbobirdshow.com\\\/wp-content\\\/uploads\\\/sites\\\/42\\\/2019\\\/01\\\/9813_4ce5a997.jpg\",\"contentUrl\":\"https:\\\/\\\/falsterbobirdshow.com\\\/wp-content\\\/uploads\\\/sites\\\/42\\\/2019\\\/01\\\/9813_4ce5a997.jpg\"},{\"@type\":\"BreadcrumbList\",\"@id\":\"https:\\\/\\\/falsterbobirdshow.com\\\/fagelskydd\\\/#breadcrumb\",\"itemListElement\":[{\"@type\":\"ListItem\",\"position\":1,\"name\":\"Home\",\"item\":\"https:\\\/\\\/falsterbobirdshow.com\\\/\"},{\"@type\":\"ListItem\",\"position\":2,\"name\":\"F\u00e5gelskydd\"}]},{\"@type\":\"WebSite\",\"@id\":\"https:\\\/\\\/falsterbobirdshow.com\\\/#website\",\"url\":\"https:\\\/\\\/falsterbobirdshow.com\\\/\",\"name\":\"Falsterbo Bird Show\",\"description\":\"Falsterbo Bird Show 30 aug \u2013 1 Sep\",\"publisher\":{\"@id\":\"https:\\\/\\\/falsterbobirdshow.com\\\/#organization\"},\"potentialAction\":[{\"@type\":\"SearchAction\",\"target\":{\"@type\":\"EntryPoint\",\"urlTemplate\":\"https:\\\/\\\/falsterbobirdshow.com\\\/?s={search_term_string}\"},\"query-input\":{\"@type\":\"PropertyValueSpecification\",\"valueRequired\":true,\"valueName\":\"search_term_string\"}}],\"inLanguage\":\"en-GB\"},{\"@type\":\"Organization\",\"@id\":\"https:\\\/\\\/falsterbobirdshow.com\\\/#organization\",\"name\":\"Falsterbo Bird Show\",\"url\":\"https:\\\/\\\/falsterbobirdshow.com\\\/\",\"logo\":{\"@type\":\"ImageObject\",\"inLanguage\":\"en-GB\",\"@id\":\"https:\\\/\\\/falsterbobirdshow.com\\\/#\\\/schema\\\/logo\\\/image\\\/\",\"url\":\"https:\\\/\\\/cdn.birdlife.se\\\/wp-content\\\/uploads\\\/sites\\\/42\\\/2024\\\/02\\\/FBS-logo-rund-bla.png\",\"contentUrl\":\"https:\\\/\\\/cdn.birdlife.se\\\/wp-content\\\/uploads\\\/sites\\\/42\\\/2024\\\/02\\\/FBS-logo-rund-bla.png\",\"width\":1160,\"height\":1160,\"caption\":\"Falsterbo Bird Show\"},\"image\":{\"@id\":\"https:\\\/\\\/falsterbobirdshow.com\\\/#\\\/schema\\\/logo\\\/image\\\/\"}}]}<\/script>\n<!-- \/ Yoast SEO plugin. -->","yoast_head_json":{"title":"F\u00e5gelskydd - Falsterbo Bird Show","robots":{"index":"index","follow":"follow","max-snippet":"max-snippet:-1","max-image-preview":"max-image-preview:large","max-video-preview":"max-video-preview:-1"},"canonical":"https:\/\/falsterbobirdshow.com\/en\/fagelskydd\/","og_locale":"en_GB","og_type":"article","og_title":"F\u00e5gelskydd - Falsterbo Bird Show","og_description":"Flyttf\u00e5glarna \u00e4r internationella resen\u00e4rer och passerar obehindrat nationsgr\u00e4nser under sin flyttning. Det inneb\u00e4r att f\u00e5glar som under n\u00e5gra korta sommarm\u00e5nader befinner sig p\u00e5 v\u00e5ra breddgrader f\u00f6r att reproducera sig under [&hellip;]","og_url":"https:\/\/falsterbobirdshow.com\/en\/fagelskydd\/","og_site_name":"Falsterbo Bird Show","article_modified_time":"2023-05-30T14:21:28+00:00","og_image":[{"url":"https:\/\/falsterbobirdshow.com\/wp-content\/uploads\/sites\/42\/2019\/01\/9813_4ce5a997.jpg","type":"","width":"","height":""}],"twitter_card":"summary_large_image","twitter_misc":{"Est. reading time":"3 minutes"},"schema":{"@context":"https:\/\/schema.org","@graph":[{"@type":"WebPage","@id":"https:\/\/falsterbobirdshow.com\/fagelskydd\/","url":"https:\/\/falsterbobirdshow.com\/fagelskydd\/","name":"F\u00e5gelskydd - Falsterbo Bird Show","isPartOf":{"@id":"https:\/\/falsterbobirdshow.com\/#website"},"primaryImageOfPage":{"@id":"https:\/\/falsterbobirdshow.com\/fagelskydd\/#primaryimage"},"image":{"@id":"https:\/\/falsterbobirdshow.com\/fagelskydd\/#primaryimage"},"thumbnailUrl":"https:\/\/falsterbobirdshow.com\/wp-content\/uploads\/sites\/42\/2019\/01\/9813_4ce5a997.jpg","datePublished":"2019-01-03T13:50:10+00:00","dateModified":"2023-05-30T14:21:28+00:00","breadcrumb":{"@id":"https:\/\/falsterbobirdshow.com\/fagelskydd\/#breadcrumb"},"inLanguage":"en-GB","potentialAction":[{"@type":"ReadAction","target":["https:\/\/falsterbobirdshow.com\/fagelskydd\/"]}]},{"@type":"ImageObject","inLanguage":"en-GB","@id":"https:\/\/falsterbobirdshow.com\/fagelskydd\/#primaryimage","url":"https:\/\/falsterbobirdshow.com\/wp-content\/uploads\/sites\/42\/2019\/01\/9813_4ce5a997.jpg","contentUrl":"https:\/\/falsterbobirdshow.com\/wp-content\/uploads\/sites\/42\/2019\/01\/9813_4ce5a997.jpg"},{"@type":"BreadcrumbList","@id":"https:\/\/falsterbobirdshow.com\/fagelskydd\/#breadcrumb","itemListElement":[{"@type":"ListItem","position":1,"name":"Home","item":"https:\/\/falsterbobirdshow.com\/"},{"@type":"ListItem","position":2,"name":"F\u00e5gelskydd"}]},{"@type":"WebSite","@id":"https:\/\/falsterbobirdshow.com\/#website","url":"https:\/\/falsterbobirdshow.com\/","name":"Falsterbo Bird Show","description":"Falsterbo Bird Show 30 aug \u2013 1 Sep","publisher":{"@id":"https:\/\/falsterbobirdshow.com\/#organization"},"potentialAction":[{"@type":"SearchAction","target":{"@type":"EntryPoint","urlTemplate":"https:\/\/falsterbobirdshow.com\/?s={search_term_string}"},"query-input":{"@type":"PropertyValueSpecification","valueRequired":true,"valueName":"search_term_string"}}],"inLanguage":"en-GB"},{"@type":"Organization","@id":"https:\/\/falsterbobirdshow.com\/#organization","name":"Falsterbo Bird Show","url":"https:\/\/falsterbobirdshow.com\/","logo":{"@type":"ImageObject","inLanguage":"en-GB","@id":"https:\/\/falsterbobirdshow.com\/#\/schema\/logo\/image\/","url":"https:\/\/cdn.birdlife.se\/wp-content\/uploads\/sites\/42\/2024\/02\/FBS-logo-rund-bla.png","contentUrl":"https:\/\/cdn.birdlife.se\/wp-content\/uploads\/sites\/42\/2024\/02\/FBS-logo-rund-bla.png","width":1160,"height":1160,"caption":"Falsterbo Bird Show"},"image":{"@id":"https:\/\/falsterbobirdshow.com\/#\/schema\/logo\/image\/"}}]}},"_links":{"self":[{"href":"https:\/\/falsterbobirdshow.com\/en\/wp-json\/wp\/v2\/pages\/754","targetHints":{"allow":["GET"]}}],"collection":[{"href":"https:\/\/falsterbobirdshow.com\/en\/wp-json\/wp\/v2\/pages"}],"about":[{"href":"https:\/\/falsterbobirdshow.com\/en\/wp-json\/wp\/v2\/types\/page"}],"author":[{"embeddable":true,"href":"https:\/\/falsterbobirdshow.com\/en\/wp-json\/wp\/v2\/users\/21"}],"replies":[{"embeddable":true,"href":"https:\/\/falsterbobirdshow.com\/en\/wp-json\/wp\/v2\/comments?post=754"}],"version-history":[{"count":8,"href":"https:\/\/falsterbobirdshow.com\/en\/wp-json\/wp\/v2\/pages\/754\/revisions"}],"predecessor-version":[{"id":3895,"href":"https:\/\/falsterbobirdshow.com\/en\/wp-json\/wp\/v2\/pages\/754\/revisions\/3895"}],"wp:attachment":[{"href":"https:\/\/falsterbobirdshow.com\/en\/wp-json\/wp\/v2\/media?parent=754"}],"curies":[{"name":"wp","href":"https:\/\/api.w.org\/{rel}","templated":true}]}}